{"id":573,"date":"2020-10-06T17:02:05","date_gmt":"2020-10-06T15:02:05","guid":{"rendered":"https:\/\/bruecke-starnberg.de\/?page_id=573"},"modified":"2022-01-11T11:29:08","modified_gmt":"2022-01-11T10:29:08","slug":"soziales-kompetenztraining","status":"publish","type":"page","link":"https:\/\/bruecke-starnberg.de\/?page_id=573","title":{"rendered":"Soziales Kompetenztraining"},"content":{"rendered":"\n<p><strong>Gruppenangebot<br \/><\/strong><\/p>\n<p>Das soziale Kompetenztraining ist ein Gruppenangebot f\u00fcr 5-8 Teilnehmer. Die Kleingruppe wird von zwei Sozialp\u00e4dagogInnen angeleitet.<\/p>\n<p>Je nach Zusammensetzung der Gruppe und den Bed\u00fcrfnissen der TeilnehmerInnen, werden unterschiedliche Module bei den Gruppentreffen durchlaufen. Mithilfe dieser Themenschwerpunkte und den dazu geh\u00f6rigen \u00dcbungen sollen die jungen Menschen in ihren sozialen Grundfertigkeiten gest\u00e4rkt werden, damit sie einen verantwortungsvollen Umgang mit sich selbst und anderen erlernen.<\/p>\n<p>Weitere Ziele:<\/p>\n<ul>\n<li>\u00dcbernahme von Verantwortung f\u00fcr das eigene Handeln<\/li>\n<li>Wahrnehmung eigener Gef\u00fchle<\/li>\n<li>St\u00e4rkung von Gruppenf\u00e4higkeit<\/li>\n<li>Erkennen und Auseinandersetzen mit eigenen Verhaltensmustern in Konfliktsituationen<\/li>\n<li>Respektvoller Umgang mit anderen<\/li>\n<li>Schulung von Einf\u00fchlungsverm\u00f6gen<\/li>\n<\/ul>\n\n\n\n<figure class=\"wp-block-image size-medium\"><img loading=\"lazy\" decoding=\"async\" width=\"225\" height=\"300\" src=\"https:\/\/bruecke-starnberg.de\/wp-content\/uploads\/2017\/03\/Foto-1-225x300.jpg\" alt=\"\" class=\"wp-image-223\" srcset=\"https:\/\/bruecke-starnberg.de\/wp-content\/uploads\/2017\/03\/Foto-1-225x300.jpg 225w, https:\/\/bruecke-starnberg.de\/wp-content\/uploads\/2017\/03\/Foto-1-768x1024.jpg 768w\" sizes=\"auto, (max-width: 225px) 100vw, 225px\" \/><\/figure>\n","protected":false},"excerpt":{"rendered":"<p>Gruppenangebot Das soziale Kompetenztraining ist ein Gruppenangebot f\u00fcr 5-8 Teilnehmer. Die Kleingruppe wird von zwei Sozialp\u00e4dagogInnen angeleitet. Je nach Zusammensetzung der Gruppe und den Bed\u00fcrfnissen der TeilnehmerInnen, werden unterschiedliche Module bei den Gruppentreffen durchlaufen. Mithilfe dieser Themenschwerpunkte und den dazu geh\u00f6rigen \u00dcbungen sollen die jungen Menschen in ihren sozialen Grundfertigkeiten gest\u00e4rkt werden, damit sie einen &hellip; <a href=\"https:\/\/bruecke-starnberg.de\/?page_id=573\" class=\"more-link\"><span class=\"screen-reader-text\">Soziales Kompetenztraining<\/span> weiterlesen <span class=\"meta-nav\">&rarr;<\/span><\/a><\/p>\n","protected":false},"author":1,"featured_media":0,"parent":0,"menu_order":0,"comment_status":"closed","ping_status":"closed","template":"","meta":{"footnotes":""},"class_list":["post-573","page","type-page","status-publish","hentry"],"_links":{"self":[{"href":"https:\/\/bruecke-starnberg.de\/index.php?rest_route=\/wp\/v2\/pages\/573","targetHints":{"allow":["GET"]}}],"collection":[{"href":"https:\/\/bruecke-starnberg.de\/index.php?rest_route=\/wp\/v2\/pages"}],"about":[{"href":"https:\/\/bruecke-starnberg.de\/index.php?rest_route=\/wp\/v2\/types\/page"}],"author":[{"embeddable":true,"href":"https:\/\/bruecke-starnberg.de\/index.php?rest_route=\/wp\/v2\/users\/1"}],"replies":[{"embeddable":true,"href":"https:\/\/bruecke-starnberg.de\/index.php?rest_route=%2Fwp%2Fv2%2Fcomments&post=573"}],"version-history":[{"count":3,"href":"https:\/\/bruecke-starnberg.de\/index.php?rest_route=\/wp\/v2\/pages\/573\/revisions"}],"predecessor-version":[{"id":719,"href":"https:\/\/bruecke-starnberg.de\/index.php?rest_route=\/wp\/v2\/pages\/573\/revisions\/719"}],"wp:attachment":[{"href":"https:\/\/bruecke-starnberg.de\/index.php?rest_route=%2Fwp%2Fv2%2Fmedia&parent=573"}],"curies":[{"name":"wp","href":"https:\/\/api.w.org\/{rel}","templated":true}]}}